{"id":3651,"date":"2026-01-08T16:23:20","date_gmt":"2026-01-08T15:23:20","guid":{"rendered":"https:\/\/mairie-saint-marcel.fr\/?page_id=3651"},"modified":"2026-04-24T14:13:02","modified_gmt":"2026-04-24T13:13:02","slug":"2026-2","status":"publish","type":"page","link":"https:\/\/mairie-saint-marcel.fr\/?page_id=3651","title":{"rendered":"2026"},"content":{"rendered":"\n<p><strong>JANVIER<\/strong><\/p>\n\n\n\n<ul class=\"wp-block-list\">\n<li><a href=\"http:\/\/mairie-saint-marcel.fr\/images\/arretesprefectoraux\/arrete_transport_poissons_08.01.2026.pdf\" target=\"_blank\" rel=\"noreferrer noopener\">ARR\u00caT\u00c9 PR\u00c9FECTORAL autorisant la capture et le transport de poissons \u00e0 des fins sanitaires, scientifiques et \u00e9cologiques<\/a><\/li>\n\n\n\n<li><a href=\"http:\/\/mairie-saint-marcel.fr\/images\/arretesprefectoraux\/arrete_modification_statuts_ccd_16_01.pdf\" target=\"_blank\" rel=\"noreferrer noopener\">ARR\u00caT\u00c9 PR\u00c9FECTORAL portant modification des statuts de la communaut\u00e9 de communes de la Dombes<\/a><\/li>\n\n\n\n<li><a href=\"http:\/\/mairie-saint-marcel.fr\/images\/arretesprefectoraux\/arrete_detention_protoxyde_azote_23.01.2026.pdf\" target=\"_blank\" rel=\"noreferrer noopener\">ARR\u00caT\u00c9 PR\u00c9FECTORAL r\u00e9glementant la d\u00e9tention et la consommation de protoxyde d\u2019azote dans le d\u00e9partement de l\u2019Ain<\/a><\/li>\n\n\n\n<li><a href=\"http:\/\/mairie-saint-marcel.fr\/images\/arretesprefectoraux\/2026\/arrete_capture_transport_poissons_28_01_2026.pdf\" target=\"_blank\" rel=\"noreferrer noopener\">ARR\u00caT\u00c9 PR\u00c9FECTORAL autorisant la capture, le transport et l\u2019introduction de poissons et crustac\u00e9s \u00e0 des fins sanitaires, scientifiques et \u00e9cologiques<\/a><\/li>\n<\/ul>\n\n\n\n<p><strong>FEVRIER<\/strong><\/p>\n\n\n\n<ul class=\"wp-block-list\">\n<li><a href=\"http:\/\/mairie-saint-marcel.fr\/images\/arretesprefectoraux\/2026\/arrete_modif_bureaux_de_vote_05_02_2026.pdf\" target=\"_blank\" rel=\"noreferrer noopener\">ARR\u00caT\u00c9 PR\u00c9FECTORAL MODIFICATIF fixant la r\u00e9partition des bureaux de vote dans l&rsquo;Ain<\/a><\/li>\n\n\n\n<li><a href=\"http:\/\/mairie-saint-marcel.fr\/images\/arretesprefectoraux\/2026\/arrete_destruction_sangliers_18_02_2026.pdf\" target=\"_blank\" rel=\"noreferrer noopener\">ARR\u00caT\u00c9 PR\u00c9FECTORAL autorisant la destruction administrative de sangliers (Sus scrofa) par tir de nuit et en battue sur la commune de SAINT-MARCEL-EN-DOMBES<\/a><\/li>\n\n\n\n<li><a href=\"http:\/\/mairie-saint-marcel.fr\/images\/arretesprefectoraux\/2026\/arrete_fixant_listes_candidats.pdf\">ARR\u00caT\u00c9 PR\u00c9FECTORAL fixant les listes des candidats pour les \u00e9lections municipales et communautaires du 15 mars 2026 &#8211; 1er tour<\/a> <a href=\"http:\/\/mairie-saint-marcel.fr\/images\/arretesprefectoraux\/2026\/arrete_listes_candidats_etat_definitif.pdf\">(liste des candidats ETAT DEFINITIF)<\/a><\/li>\n<\/ul>\n\n\n\n<p><strong>MARS<\/strong><\/p>\n\n\n\n<ul class=\"wp-block-list\">\n<li><a href=\"http:\/\/mairie-saint-marcel.fr\/images\/arretesprefectoraux\/2026\/arrete_secheresse_03_03_2026.pdf\" target=\"_blank\" rel=\"noreferrer noopener\">ARR\u00caT\u00c9-CADRE \u00ab S\u00c9CHERESSE \u00bb fixant le cadre des mesures de gestion et de pr\u00e9servation de la ressource en eau en p\u00e9riode de s\u00e9cheresse dans le d\u00e9partement de l\u2019Ain, hors \u00ab axe Sa\u00f4ne \u00bb<\/a><\/li>\n\n\n\n<li><a href=\"http:\/\/mairie-saint-marcel.fr\/images\/arretesprefectoraux\/2026\/arrete_destruction_admin_sangliers_04_03_2026.pdf\" target=\"_blank\" rel=\"noreferrer noopener\">ARR\u00caT\u00c9 PR\u00c9FECTORAL autorisant la destruction administrative de sangliers (Sus scrofa) par tir de nuit sur les communes de BIRIEUX et SAINT-MARCEL-EN-DOMBES<\/a> (jusqu&rsquo;au 31 mai 2026 inclus)<\/li>\n\n\n\n<li><a href=\"http:\/\/mairie-saint-marcel.fr\/images\/arretesprefectoraux\/2026\/arrete_interdiction_rassemblement_festif_06_03_26.pdf\" target=\"_blank\" rel=\"noreferrer noopener\">ARR\u00caT\u00c9 PR\u00c9FECTORAL portant interdiction temporaire de tout rassemblement festif \u00e0 caract\u00e8re musical non autoris\u00e9 (free-party, rave party, teknival) et portant interdiction de circulation de tout v\u00e9hicule transportant du mat\u00e9riel \u00e0 destination d\u2019un rassemblement festif \u00e0 caract\u00e8re musical non autoris\u00e9<\/a> (jusqu&rsquo;au 27 avril 2026 inclus)<\/li>\n\n\n\n<li><a href=\"http:\/\/mairie-saint-marcel.fr\/images\/arretesprefectoraux\/2026\/arrete_detention_consommation_protoxyde_azote_06_03_26.pdf\" target=\"_blank\" rel=\"noreferrer noopener\">ARR\u00caT\u00c9 PR\u00c9FECTORAL r\u00e9glementant la d\u00e9tention et la consommation de protoxyde d\u2019azote dans le d\u00e9partement de l\u2019Ain<\/a> (jusqu&rsquo;au 27 avril 2026 inclus)<\/li>\n\n\n\n<li><a href=\"http:\/\/mairie-saint-marcel.fr\/images\/arretesprefectoraux\/2026\/arrete_interdiction_rassemblement_auto_06_03_26.pdf\" target=\"_blank\" rel=\"noreferrer noopener\">ARR\u00caT\u00c9 PR\u00c9FECTORAL portant interdiction de rassemblement automobile sur la voie publique et diverses interdictions dans le d\u00e9partement de l\u2019Ain<\/a> (jusqu&rsquo;au 27 avril 2026 inclus)<\/li>\n\n\n\n<li><a href=\"http:\/\/mairie-saint-marcel.fr\/images\/arretesprefectoraux\/2026\/arrete_modif_listes_candidats_1_tour.pdf\" target=\"_blank\" rel=\"noreferrer noopener\">ARR\u00caT\u00c9 PR\u00c9FECTORAL modifiant les listes des candidats pour les \u00e9lections municipales et communautaires du 15 mars 2026 &#8211; 1er tour<\/a> + <a href=\"http:\/\/mairie-saint-marcel.fr\/images\/arretesprefectoraux\/2026\/liste_candidats.pdf\" target=\"_blank\" rel=\"noreferrer noopener\">liste des candidats<\/a><\/li>\n\n\n\n<li><a href=\"http:\/\/mairie-saint-marcel.fr\/images\/arretesprefectoraux\/2026\/arrete_autorisation_capture_poissons_18_03_2026.pdf\" target=\"_blank\" rel=\"noreferrer noopener\">ARR\u00caT\u00c9 PR\u00c9FECTORAL autorisant la capture de poissons \u00e0 des fins sanitaires, scientifiques et \u00e9cologiques<\/a> (jusqu\u2019au 20 septembre 2026 inclus)<\/li>\n\n\n\n<li><a href=\"\/images\/arretesprefectoraux\/2026\/arrete_secheresse_26_03_2026.pdf\" target=\"_blank\" rel=\"noreferrer noopener\">ARR\u00caT\u00c9 PR\u00c9FECTORAL portant restrictions temporaires de certains usages de l\u2019eau dans le d\u00e9partement de l\u2019Ain<\/a> (<a href=\"\/images\/arretesprefectoraux\/2026\/vigiEau_detaille_26_03_2026.pdf\" target=\"_blank\" rel=\"noreferrer noopener\">VigiEau<\/a> &#8211; <a href=\"\/images\/arretesprefectoraux\/2026\/hors_saone_val_alerte_renforce_26_03_2026.pdf\" target=\"_blank\" rel=\"noreferrer noopener\">Limitations temporaires des usages de l&rsquo;eau, D\u00e9partement de l&rsquo;Ain HORS SA\u00d4NE AVAL<\/a> &#8211; <a href=\"\/images\/arretesprefectoraux\/2026\/affiche_vigiEau_communes_26_03_2026.pdf\" target=\"_blank\" rel=\"noreferrer noopener\">VigiEau par commune<\/a>) (jusqu&rsquo;au 31 octobre 2026 inclus)<\/li>\n<\/ul>\n\n\n\n<p><strong>AVRIL<\/strong><\/p>\n\n\n\n<ul class=\"wp-block-list\">\n<li><a href=\"\/images\/arretesprefectoraux\/2026\/arrete_destruction_adm_sangliers_02_04_2026.pdf\" target=\"_blank\" rel=\"noreferrer noopener\">ARR\u00caT\u00c9 PR\u00c9FECTORAL autorisant la destruction administrative de sangliers en battue et\/ou tir de nuit sur l\u2019ensemble des communes du d\u00e9partement de l\u2019Ain du 1er avril 2026 au <strong>31 mai 2026<\/strong><\/a><\/li>\n\n\n\n<li><a href=\"\/images\/arretesprefectoraux\/2026\/arrete_campagne_cynegetique_27_03_2026.pdf\" target=\"_blank\" rel=\"noreferrer noopener\">ARR\u00caT\u00c9 PR\u00c9FECTORAL relatif \u00e0 la campagne cyn\u00e9g\u00e9tique 2026-2027 dans le d\u00e9partement de l\u2019Ain<\/a><\/li>\n\n\n\n<li><a href=\"\/images\/arretesprefectoraux\/2026\/arrete_modalites_destruction_sanglier_02_04_2026.pdf\" target=\"_blank\" rel=\"noreferrer noopener\">ARR\u00caT\u00c9 PR\u00c9FECTORAL fixant les p\u00e9riodes et les modalit\u00e9s de destruction de l\u2019esp\u00e8ce Sanglier du 1er juillet 2026 au <strong>30 juin 2027<\/strong><\/a><\/li>\n\n\n\n<li><a href=\"\/images\/arretesprefectoraux\/2026\/arrete_prel_especes_grand_gibier_02_04_2026.pdf\" target=\"_blank\" rel=\"noreferrer noopener\">ARR\u00caT\u00c9 PR\u00c9FECTORAL fixant le nombre minimal et le nombre maximal d\u2019animaux \u00e0 pr\u00e9lever dans le cadre de la campagne cyn\u00e9g\u00e9tique 2026-2027 pour les esp\u00e8ces de grand gibier soumises \u00e0 plan de chasse dans le d\u00e9partement de l\u2019Ain<\/a><\/li>\n\n\n\n<li><a href=\"\/images\/arretesprefectoraux\/2026\/arrete_tir_chevreuil_02_04_2026.pdf\" target=\"_blank\" rel=\"noreferrer noopener\">ARR\u00caT\u00c9 PR\u00c9FECTORAL autorisant le tir du chevreuil \u00e0 la grenaille dans le d\u00e9partement de l\u2019Ain pour la campagne cyn\u00e9g\u00e9tique 2026-2027<\/a><\/li>\n\n\n\n<li><a href=\"\/images\/arretesprefectoraux\/2026\/arrete_capture_poissons_ECOTEC_environnement.pdf\" target=\"_blank\" rel=\"noreferrer noopener\">ARR\u00caT\u00c9 PR\u00c9FECTORAL autorisant la capture de poissons \u00e0 des fins sanitaires, scientifiques et \u00e9cologiques<\/a><\/li>\n<\/ul>\n\n\n\n<p><strong><br><br><\/strong><\/p>\n\n\n\n<p><\/p>\n","protected":false},"excerpt":{"rendered":"<p>JANVIER FEVRIER MARS AVRIL<\/p>\n","protected":false},"author":3,"featured_media":0,"parent":0,"menu_order":0,"comment_status":"closed","ping_status":"closed","template":"","meta":{"footnotes":""},"class_list":["post-3651","page","type-page","status-publish","hentry"],"_links":{"self":[{"href":"https:\/\/mairie-saint-marcel.fr\/index.php?rest_route=\/wp\/v2\/pages\/3651","targetHints":{"allow":["GET"]}}],"collection":[{"href":"https:\/\/mairie-saint-marcel.fr\/index.php?rest_route=\/wp\/v2\/pages"}],"about":[{"href":"https:\/\/mairie-saint-marcel.fr\/index.php?rest_route=\/wp\/v2\/types\/page"}],"author":[{"embeddable":true,"href":"https:\/\/mairie-saint-marcel.fr\/index.php?rest_route=\/wp\/v2\/users\/3"}],"replies":[{"embeddable":true,"href":"https:\/\/mairie-saint-marcel.fr\/index.php?rest_route=%2Fwp%2Fv2%2Fcomments&post=3651"}],"version-history":[{"count":45,"href":"https:\/\/mairie-saint-marcel.fr\/index.php?rest_route=\/wp\/v2\/pages\/3651\/revisions"}],"predecessor-version":[{"id":3908,"href":"https:\/\/mairie-saint-marcel.fr\/index.php?rest_route=\/wp\/v2\/pages\/3651\/revisions\/3908"}],"wp:attachment":[{"href":"https:\/\/mairie-saint-marcel.fr\/index.php?rest_route=%2Fwp%2Fv2%2Fmedia&parent=3651"}],"curies":[{"name":"wp","href":"https:\/\/api.w.org\/{rel}","templated":true}]}}