{"id":465,"date":"2021-01-17T13:50:16","date_gmt":"2021-01-17T12:50:16","guid":{"rendered":"http:\/\/mairie-saint-marcel.fr\/?page_id=465"},"modified":"2024-03-09T11:56:39","modified_gmt":"2024-03-09T10:56:39","slug":"assistantes-maternelle","status":"publish","type":"page","link":"https:\/\/mairie-saint-marcel.fr\/?page_id=465","title":{"rendered":"Accueil Petite Enfance"},"content":{"rendered":"\n<p><\/p>\n\n\n\n<h1 class=\"wp-block-heading\">Le RPE<\/h1>\n\n\n\n<p><strong>Le Relais Petite Enfance \u2013 RPE<\/strong>&nbsp;(anciennement RAM) \u2013 est un lieu d\u2019information, de rencontres et d\u2019\u00e9changes au service des professionnel(le)s de l\u2019accueil individuel du jeune enfant et des parents.<br>Les parents et futurs parents peuvent y recevoir gratuitement des informations sur l\u2019ensemble des modes d\u2019accueil (collectif, individuel\u2026).<br>Les assistant(e)s maternel(le)s peuvent b\u00e9n\u00e9ficier d\u2019un soutien et d\u2019un accompagnement dans leur pratique quotidienne en leur donnant la possibilit\u00e9 de se rencontrer et d\u2019\u00e9changer leurs exp\u00e9riences.<\/p>\n\n\n\n<p>Enfin, le RPE d\u00e9livre une information g\u00e9n\u00e9rale en mati\u00e8re de droit du travail et oriente les usagers vers les interlocuteurs privil\u00e9gi\u00e9s pour des questions sp\u00e9cifiques.<\/p>\n\n\n\n<p><strong>Les permanences t\u00e9l\u00e9phoniques ainsi que l\u2019accueil du public ont lieu dans le P\u00f4le Petite Enfance de Saint Andr\u00e9 de Corcy :<\/strong><\/p>\n\n\n\n<ul class=\"wp-block-list\">\n<li>Lundi de 14h00 \u00e0 17h45<\/li>\n\n\n\n<li>Mardi de 16h30 \u00e0 19h00<\/li>\n\n\n\n<li>Jeudi de 13h30 \u00e0 16h45<\/li>\n<\/ul>\n\n\n\n<p><strong>Les temps collectifs (ou ateliers d\u2019\u00e9veil) se d\u00e9roulent de 9h00 \u00e0 11h00 dans diff\u00e9rents lieux :<\/strong><\/p>\n\n\n\n<ul class=\"wp-block-list\">\n<li>lundi et jeudi \u00e0 Saint-Andr\u00e9-de-Corcy<\/li>\n\n\n\n<li>mardi \u00e0 Mionnay<\/li>\n\n\n\n<li>Vendredi \u00e0 Saint-Marcel-en-Dombes<\/li>\n<\/ul>\n\n\n\n<p>Les temps collectifs ainsi que les permanences administratives sont anim\u00e9s par C\u00e9lia JACQUET, \u00e9ducatrice de jeunes enfants.<\/p>\n\n\n\n<p>Contact: <a href=\"mailto:rpesaintandredecorcy@leolagrange.org\">rpesaintandredecorcy@leolagrange.org<\/a> \/ 04.72.08.53.32<\/p>\n\n\n\n<p><a rel=\"noreferrer noopener\" href=\"https:\/\/dombes-petite-enfance.fr\/\" target=\"_blank\">https:\/\/dombes-petite-enfance.fr\/<\/a><\/p>\n","protected":false},"excerpt":{"rendered":"<p>Le RPE Le Relais Petite Enfance \u2013 RPE&nbsp;(anciennement RAM) \u2013 est un lieu d\u2019information, de rencontres et d\u2019\u00e9changes au service des professionnel(le)s de l\u2019accueil individuel du jeune enfant et des&hellip;<\/p>\n","protected":false},"author":3,"featured_media":0,"parent":0,"menu_order":0,"comment_status":"closed","ping_status":"closed","template":"","meta":{"footnotes":""},"class_list":["post-465","page","type-page","status-publish","hentry"],"_links":{"self":[{"href":"https:\/\/mairie-saint-marcel.fr\/index.php?rest_route=\/wp\/v2\/pages\/465","targetHints":{"allow":["GET"]}}],"collection":[{"href":"https:\/\/mairie-saint-marcel.fr\/index.php?rest_route=\/wp\/v2\/pages"}],"about":[{"href":"https:\/\/mairie-saint-marcel.fr\/index.php?rest_route=\/wp\/v2\/types\/page"}],"author":[{"embeddable":true,"href":"https:\/\/mairie-saint-marcel.fr\/index.php?rest_route=\/wp\/v2\/users\/3"}],"replies":[{"embeddable":true,"href":"https:\/\/mairie-saint-marcel.fr\/index.php?rest_route=%2Fwp%2Fv2%2Fcomments&post=465"}],"version-history":[{"count":10,"href":"https:\/\/mairie-saint-marcel.fr\/index.php?rest_route=\/wp\/v2\/pages\/465\/revisions"}],"predecessor-version":[{"id":2611,"href":"https:\/\/mairie-saint-marcel.fr\/index.php?rest_route=\/wp\/v2\/pages\/465\/revisions\/2611"}],"wp:attachment":[{"href":"https:\/\/mairie-saint-marcel.fr\/index.php?rest_route=%2Fwp%2Fv2%2Fmedia&parent=465"}],"curies":[{"name":"wp","href":"https:\/\/api.w.org\/{rel}","templated":true}]}}